{"id":9378,"date":"2001-01-01T22:00:00","date_gmt":"2001-01-02T06:00:00","guid":{"rendered":"https:\/\/chs-ca.org\/podcasts\/separacion-podcast-spanish\/"},"modified":"2024-02-20T15:50:10","modified_gmt":"2024-02-20T23:50:10","slug":"separacion-podcast-spanish","status":"publish","type":"podcasts","link":"https:\/\/chs-ca.org\/es\/podcasts\/separacion-podcast-spanish\/","title":{"rendered":"Separaci\u00f3n &#8211; Podcast (espa\u00f1ol)"},"content":{"rendered":"\n<p>La mayor\u00eda de los padres han experimentado ansiedad por separarse al dejar a los ni\u00f1os con una ni\u00f1era&#8230;<\/p>\n\n\n\n<figure class=\"wp-block-audio\"><audio controls src=\"http:\/\/chs-ca.org\/wp-content\/uploads\/2021\/12\/CHS-CA_SPANISH-PODCAST_12-SEPARACION.mp3\"><\/audio><\/figure>\n\n\n\t\t\t\t\t\t<div class=\"show-more-group\">\n\t\t\t<h4 class=\"show-more \">\n\t\t\t\tLea la transcripci\u00f3n\t\t\t<\/h4>\n\n\t\t\t<div class=\"show-more-content \">\n\t\t\t\t<h4>Separaci\u00f3n: C\u00f3mo Facilitar la Transici\u00f3n del Hogar a la Guarder\u00eda<\/h4>\n<p>Una escena muy t\u00edpica del primer d\u00eda en un centro de cuidado infantil nuevo es ver a un ni\u00f1o asustado, llorando y aferrado a la pierna de uno de sus padres y el padre avergonzado sin saber qu\u00e9 hacer. Los padres pueden sentir una mezcla de emociones fuertes, ya sea de comprensi\u00f3n o de enojo hacia el ni\u00f1o por esta protesta, culpa por dejar al ni\u00f1o o tal vez se cuestionen qu\u00e9 han hecho mal, dado que los dem\u00e1s ni\u00f1os parecen adaptarse f\u00e1cilmente. Este podcast discutir\u00e1 maneras para hacer que esta transici\u00f3n sea m\u00e1s f\u00e1cil para usted y su ni\u00f1o.<\/p>\n<p>La separaci\u00f3n es un desaf\u00edo del desarrollo, pero los ni\u00f1os pueden aprender maneras de sobrellevarla en forma exitosa cuando los adultos toman sus sentimientos seriamente, les hablan con honestidad y les dan su apoyo y comprensi\u00f3n. \u00bfQu\u00e9 significa eso para usted como padre?<\/p>\n<p>Para comenzar, desarrolle la confianza con su hijo. D\u00edgale siempre la verdad: que usted se va, pero que regresar\u00e1. No desaparezca sin avisar, porque el irse a escondidas no desarrolla la confianza.<\/p>\n<p>Mant\u00e9ngase calmo y muestre confianza en su hijo, pero busque ayuda si es necesario. Haga preguntas como \u201c\u00bfPuedes despedirte t\u00fa solo o necesitas que la ni\u00f1era te ayude?\u201d<\/p>\n<p>Desarrolle un ritual especial de despedida que usted y su hijo compartan cada vez que se separen. Debe ser corto, agradable, cari\u00f1oso y consistente.<\/p>\n<p>Siempre hable con su hijo sobre las experiencias felices que puede esperar en una nueva situaci\u00f3n y ay\u00fadelo a esperar con ansias una actividad o a una persona favorita.<\/p>\n<p>Mantenga una agenda con las actividades de su hijo o discuta sobre su d\u00eda con la maestra o cuidador, seg\u00fan le d\u00e9 el tiempo. Utilice esa informaci\u00f3n para reforzar los buenos momentos cuando hable con su hijo. Una de las preguntas menos fruct\u00edferas que un padre puede hacer a su hijo es \u201c\u00bfQu\u00e9 hiciste en la escuela hoy?\u201d porque la respuesta suele ser \u201cNada\u201d. Pero si, en cambio, le pregunta \u201c\u00bfCon qui\u00e9n te sentaste en el almuerzo?\u201d, podr\u00e1 iniciar toda una conversaci\u00f3n sobre c\u00f3mo fue el d\u00eda de su hijo.<\/p>\n<p>Prepare a su hijo para una nueva separaci\u00f3n, haciendo una visita corta a la guarder\u00eda antes del primer d\u00eda. Mu\u00e9strele donde ir\u00e1n sus pertenencias, d\u00f3nde est\u00e1n los ba\u00f1os y d\u00f3nde dormir\u00e1 la siesta.<\/p>\n<p>En ese primer d\u00eda, intente que lleve algo de su casa a la guarder\u00eda, si lo desea. Por lo general, una manta o alg\u00fan juguete blando los hace sentirse seguros en el lugar desconocido.<\/p>\n<p>Aunque el per\u00edodo de adaptaci\u00f3n haya parecido tolerable, tambi\u00e9n debe prepararse para la posibilidad de que aparezca ansiedad por la separaci\u00f3n un poco despu\u00e9s. Muchos maestros llaman esto \u201csegunda semanitis\u201d, donde su hijo no est\u00e1 c\u00f3modo para mostrar sus verdaderos sentimientos. No confunda esta aparente reacci\u00f3n tard\u00eda con indicaciones de que algo anda mal con el cuidador ni retire a su hijo innecesariamente.<\/p>\n<p>Como padre, es importante que sepa que algunos comportamientos son comunes a ciertas edades y reconocerlos puede ayudarlo a entender qu\u00e9 est\u00e1 pasando y por qu\u00e9.<\/p>\n<p>Desde el nacimiento hasta los 8 meses, los beb\u00e9s pueden ser consolados por otro cuidador siempre y cuando sus necesidades est\u00e9n satisfechas. Sin embargo, es posible que un nuevo cuidador no pueda identificar las claves \u00fanicas del beb\u00e9 para indicar que quiere atenci\u00f3n, que le cambien el pa\u00f1al y que lo alimenten. Informe estas claves al cuidador y perm\u00edtale que lo observe a usted con el beb\u00e9 para aprender lo m\u00e1ximo posible sobre c\u00f3mo se comunica.<\/p>\n<p>Entre los 8 meses y los 2 a\u00f1os, es normal que comience la ansiedad por la separaci\u00f3n y el ni\u00f1o se asuste o perturbe cuando los padres se van. Recordarle a los ni\u00f1os que mam\u00e1 o pap\u00e1 siempre vuelven puede ayudar a disipar los miedos.<\/p>\n<p>Los ni\u00f1os entre 2 y 5 a\u00f1os generalmente manejan bastante bien la separaci\u00f3n, pero situaciones como la llegada de un hermano, problemas familiares o un nuevo cuidador pueden desencadenar ansiedad. Pueden sobrellevarla regresando a comportamientos anteriores tales como hacer berrinches, chuparse el dedo o hablar como beb\u00e9s. Leer libros infantiles que tengan como tema la separaci\u00f3n puede ayudar a los ni\u00f1os a lidiar con sus sentimientos.<\/p>\n<p>Como consecuencia, la separaci\u00f3n no solo es dif\u00edcil para los ni\u00f1os, sino tambi\u00e9n para los padres. Cuando llegue el primer d\u00eda de su hijo, est\u00e9 preparado para su propia ansiedad por la separaci\u00f3n. Una vez que se haya despedido, v\u00e1yase. Prolongar la despedida solo dificulta las cosas. Sepa que si est\u00e1 preocupado por su hijo durante el d\u00eda, puede llamar al cuidador para saber c\u00f3mo est\u00e1. La mayor\u00eda de los padres descubre que todo estuvo bien poco despu\u00e9s de su partida. Adem\u00e1s, aseg\u00farese de mantener una relaci\u00f3n positiva con el cuidador, porque esto hace que el proceso de separaci\u00f3n sea m\u00e1s f\u00e1cil.<\/p>\n<p>Si quiere aprender m\u00e1s sobre la separaci\u00f3n y descargar otros folletos y podcasts de temas de crianza importantes, visite el sitio web de Children\u2019s Home Society de CA en <a href=\"https:\/\/chs-ca.org\/es\/\">www.chs-ca.org<\/a>.<\/p>\n\t\t\t<\/div>\n\t\t<\/div>\n\n  \n \n\n\n\n\n\n\n\n\n","protected":false},"featured_media":8377,"template":"","categories":[430,472],"tags":[473,423,424,426],"class_list":["post-9378","podcasts","type-podcasts","status-publish","has-post-thumbnail","hentry","category-materiales-de-programa-de-educacion-para-las-familias","category-podcasts","tag-spanish-es","tag-recursos-familiares","tag-recursos-para-proveedores-de-cuidado-infantil","tag-salud-mental"],"acf":[],"yoast_head":"<!-- This site is optimized with the Yoast SEO Premium plugin v24.2 (Yoast SEO v26.7) - https:\/\/yoast.com\/wordpress\/plugins\/seo\/ -->\n<title>Separaci\u00f3n - Podcast (espa\u00f1ol) - Children&#039;s Home Society of California<\/title>\n<meta name=\"robots\" content=\"index, follow, max-snippet:-1, max-image-preview:large, max-video-preview:-1\" \/>\n<link rel=\"canonical\" href=\"https:\/\/chs-ca.org\/es\/podcasts\/separacion-podcast-spanish\/\" \/>\n<meta property=\"og:locale\" content=\"es_ES\" \/>\n<meta property=\"og:type\" content=\"article\" \/>\n<meta property=\"og:title\" content=\"Separaci\u00f3n - Podcast (espa\u00f1ol)\" \/>\n<meta property=\"og:description\" content=\"La mayor\u00eda de los padres han experimentado ansiedad por separarse al dejar a los ni\u00f1os con una ni\u00f1era&#8230;\" \/>\n<meta property=\"og:url\" content=\"https:\/\/chs-ca.org\/es\/podcasts\/separacion-podcast-spanish\/\" \/>\n<meta property=\"og:site_name\" content=\"Children&#039;s Home Society of California\" \/>\n<meta property=\"article:modified_time\" content=\"2024-02-20T23:50:10+00:00\" \/>\n<meta property=\"og:image\" content=\"https:\/\/chs-ca.org\/wp-content\/uploads\/2022\/02\/pc_Separation.jpg\" \/>\n\t<meta property=\"og:image:width\" content=\"83\" \/>\n\t<meta property=\"og:image:height\" content=\"83\" \/>\n\t<meta property=\"og:image:type\" content=\"image\/jpeg\" \/>\n<meta name=\"twitter:card\" content=\"summary_large_image\" \/>\n<meta name=\"twitter:label1\" content=\"Tiempo de lectura\" \/>\n\t<meta name=\"twitter:data1\" content=\"1 minuto\" \/>\n<script type=\"application\/ld+json\" class=\"yoast-schema-graph\">{\"@context\":\"https:\/\/schema.org\",\"@graph\":[{\"@type\":\"WebPage\",\"@id\":\"https:\/\/chs-ca.org\/es\/podcasts\/separacion-podcast-spanish\/\",\"url\":\"https:\/\/chs-ca.org\/es\/podcasts\/separacion-podcast-spanish\/\",\"name\":\"Separaci\u00f3n - Podcast (espa\u00f1ol) - Children&#039;s Home Society of California\",\"isPartOf\":{\"@id\":\"https:\/\/chs-ca.org\/es\/#website\"},\"primaryImageOfPage\":{\"@id\":\"https:\/\/chs-ca.org\/es\/podcasts\/separacion-podcast-spanish\/#primaryimage\"},\"image\":{\"@id\":\"https:\/\/chs-ca.org\/es\/podcasts\/separacion-podcast-spanish\/#primaryimage\"},\"thumbnailUrl\":\"https:\/\/chs-ca.org\/wp-content\/uploads\/2022\/02\/pc_Separation.jpg\",\"datePublished\":\"2001-01-02T06:00:00+00:00\",\"dateModified\":\"2024-02-20T23:50:10+00:00\",\"breadcrumb\":{\"@id\":\"https:\/\/chs-ca.org\/es\/podcasts\/separacion-podcast-spanish\/#breadcrumb\"},\"inLanguage\":\"es\",\"potentialAction\":[{\"@type\":\"ReadAction\",\"target\":[\"https:\/\/chs-ca.org\/es\/podcasts\/separacion-podcast-spanish\/\"]}]},{\"@type\":\"ImageObject\",\"inLanguage\":\"es\",\"@id\":\"https:\/\/chs-ca.org\/es\/podcasts\/separacion-podcast-spanish\/#primaryimage\",\"url\":\"https:\/\/chs-ca.org\/wp-content\/uploads\/2022\/02\/pc_Separation.jpg\",\"contentUrl\":\"https:\/\/chs-ca.org\/wp-content\/uploads\/2022\/02\/pc_Separation.jpg\",\"width\":83,\"height\":83},{\"@type\":\"BreadcrumbList\",\"@id\":\"https:\/\/chs-ca.org\/es\/podcasts\/separacion-podcast-spanish\/#breadcrumb\",\"itemListElement\":[{\"@type\":\"ListItem\",\"position\":1,\"name\":\"Home\",\"item\":\"https:\/\/chs-ca.org\/es\/\"},{\"@type\":\"ListItem\",\"position\":2,\"name\":\"Podcasts\",\"item\":\"https:\/\/chs-ca.org\/es\/podcasts\/\"},{\"@type\":\"ListItem\",\"position\":3,\"name\":\"Separaci\u00f3n &#8211; Podcast (espa\u00f1ol)\"}]},{\"@type\":\"WebSite\",\"@id\":\"https:\/\/chs-ca.org\/es\/#website\",\"url\":\"https:\/\/chs-ca.org\/es\/\",\"name\":\"Children&#039;s Home Society of California\",\"description\":\"We make child care accessible\",\"publisher\":{\"@id\":\"https:\/\/chs-ca.org\/es\/#organization\"},\"potentialAction\":[{\"@type\":\"SearchAction\",\"target\":{\"@type\":\"EntryPoint\",\"urlTemplate\":\"https:\/\/chs-ca.org\/es\/?s={search_term_string}\"},\"query-input\":{\"@type\":\"PropertyValueSpecification\",\"valueRequired\":true,\"valueName\":\"search_term_string\"}}],\"inLanguage\":\"es\"},{\"@type\":\"Organization\",\"@id\":\"https:\/\/chs-ca.org\/es\/#organization\",\"name\":\"Children's Home Society of California\",\"url\":\"https:\/\/chs-ca.org\/es\/\",\"logo\":{\"@type\":\"ImageObject\",\"inLanguage\":\"es\",\"@id\":\"https:\/\/chs-ca.org\/es\/#\/schema\/logo\/image\/\",\"url\":\"https:\/\/chs-ca.org\/wp-content\/uploads\/2021\/09\/CHS-logo.svg\",\"contentUrl\":\"https:\/\/chs-ca.org\/wp-content\/uploads\/2021\/09\/CHS-logo.svg\",\"width\":\"1024\",\"height\":\"1024\",\"caption\":\"Children's Home Society of California\"},\"image\":{\"@id\":\"https:\/\/chs-ca.org\/es\/#\/schema\/logo\/image\/\"}}]}<\/script>\n<!-- \/ Yoast SEO Premium plugin. -->","yoast_head_json":{"title":"Separaci\u00f3n - Podcast (espa\u00f1ol) - Children&#039;s Home Society of California","robots":{"index":"index","follow":"follow","max-snippet":"max-snippet:-1","max-image-preview":"max-image-preview:large","max-video-preview":"max-video-preview:-1"},"canonical":"https:\/\/chs-ca.org\/es\/podcasts\/separacion-podcast-spanish\/","og_locale":"es_ES","og_type":"article","og_title":"Separaci\u00f3n - Podcast (espa\u00f1ol)","og_description":"La mayor\u00eda de los padres han experimentado ansiedad por separarse al dejar a los ni\u00f1os con una ni\u00f1era&#8230;","og_url":"https:\/\/chs-ca.org\/es\/podcasts\/separacion-podcast-spanish\/","og_site_name":"Children&#039;s Home Society of California","article_modified_time":"2024-02-20T23:50:10+00:00","og_image":[{"width":83,"height":83,"url":"https:\/\/chs-ca.org\/wp-content\/uploads\/2022\/02\/pc_Separation.jpg","type":"image\/jpeg"}],"twitter_card":"summary_large_image","twitter_misc":{"Tiempo de lectura":"1 minuto"},"schema":{"@context":"https:\/\/schema.org","@graph":[{"@type":"WebPage","@id":"https:\/\/chs-ca.org\/es\/podcasts\/separacion-podcast-spanish\/","url":"https:\/\/chs-ca.org\/es\/podcasts\/separacion-podcast-spanish\/","name":"Separaci\u00f3n - Podcast (espa\u00f1ol) - Children&#039;s Home Society of California","isPartOf":{"@id":"https:\/\/chs-ca.org\/es\/#website"},"primaryImageOfPage":{"@id":"https:\/\/chs-ca.org\/es\/podcasts\/separacion-podcast-spanish\/#primaryimage"},"image":{"@id":"https:\/\/chs-ca.org\/es\/podcasts\/separacion-podcast-spanish\/#primaryimage"},"thumbnailUrl":"https:\/\/chs-ca.org\/wp-content\/uploads\/2022\/02\/pc_Separation.jpg","datePublished":"2001-01-02T06:00:00+00:00","dateModified":"2024-02-20T23:50:10+00:00","breadcrumb":{"@id":"https:\/\/chs-ca.org\/es\/podcasts\/separacion-podcast-spanish\/#breadcrumb"},"inLanguage":"es","potentialAction":[{"@type":"ReadAction","target":["https:\/\/chs-ca.org\/es\/podcasts\/separacion-podcast-spanish\/"]}]},{"@type":"ImageObject","inLanguage":"es","@id":"https:\/\/chs-ca.org\/es\/podcasts\/separacion-podcast-spanish\/#primaryimage","url":"https:\/\/chs-ca.org\/wp-content\/uploads\/2022\/02\/pc_Separation.jpg","contentUrl":"https:\/\/chs-ca.org\/wp-content\/uploads\/2022\/02\/pc_Separation.jpg","width":83,"height":83},{"@type":"BreadcrumbList","@id":"https:\/\/chs-ca.org\/es\/podcasts\/separacion-podcast-spanish\/#breadcrumb","itemListElement":[{"@type":"ListItem","position":1,"name":"Home","item":"https:\/\/chs-ca.org\/es\/"},{"@type":"ListItem","position":2,"name":"Podcasts","item":"https:\/\/chs-ca.org\/es\/podcasts\/"},{"@type":"ListItem","position":3,"name":"Separaci\u00f3n &#8211; Podcast (espa\u00f1ol)"}]},{"@type":"WebSite","@id":"https:\/\/chs-ca.org\/es\/#website","url":"https:\/\/chs-ca.org\/es\/","name":"Children&#039;s Home Society of California","description":"We make child care accessible","publisher":{"@id":"https:\/\/chs-ca.org\/es\/#organization"},"potentialAction":[{"@type":"SearchAction","target":{"@type":"EntryPoint","urlTemplate":"https:\/\/chs-ca.org\/es\/?s={search_term_string}"},"query-input":{"@type":"PropertyValueSpecification","valueRequired":true,"valueName":"search_term_string"}}],"inLanguage":"es"},{"@type":"Organization","@id":"https:\/\/chs-ca.org\/es\/#organization","name":"Children's Home Society of California","url":"https:\/\/chs-ca.org\/es\/","logo":{"@type":"ImageObject","inLanguage":"es","@id":"https:\/\/chs-ca.org\/es\/#\/schema\/logo\/image\/","url":"https:\/\/chs-ca.org\/wp-content\/uploads\/2021\/09\/CHS-logo.svg","contentUrl":"https:\/\/chs-ca.org\/wp-content\/uploads\/2021\/09\/CHS-logo.svg","width":"1024","height":"1024","caption":"Children's Home Society of California"},"image":{"@id":"https:\/\/chs-ca.org\/es\/#\/schema\/logo\/image\/"}}]}},"_links":{"self":[{"href":"https:\/\/chs-ca.org\/es\/wp-json\/wp\/v2\/podcasts\/9378","targetHints":{"allow":["GET"]}}],"collection":[{"href":"https:\/\/chs-ca.org\/es\/wp-json\/wp\/v2\/podcasts"}],"about":[{"href":"https:\/\/chs-ca.org\/es\/wp-json\/wp\/v2\/types\/podcasts"}],"wp:featuredmedia":[{"embeddable":true,"href":"https:\/\/chs-ca.org\/es\/wp-json\/wp\/v2\/media\/8377"}],"wp:attachment":[{"href":"https:\/\/chs-ca.org\/es\/wp-json\/wp\/v2\/media?parent=9378"}],"wp:term":[{"taxonomy":"category","embeddable":true,"href":"https:\/\/chs-ca.org\/es\/wp-json\/wp\/v2\/categories?post=9378"},{"taxonomy":"post_tag","embeddable":true,"href":"https:\/\/chs-ca.org\/es\/wp-json\/wp\/v2\/tags?post=9378"}],"curies":[{"name":"wp","href":"https:\/\/api.w.org\/{rel}","templated":true}]}}